{"id":1306,"date":"2018-01-23T15:45:49","date_gmt":"2018-01-23T14:45:49","guid":{"rendered":"http:\/\/hema-swiss-blades.ch\/en\/?page_id=1306"},"modified":"2024-09-19T14:38:17","modified_gmt":"2024-09-19T12:38:17","slug":"instructors-2018","status":"publish","type":"page","link":"http:\/\/hema-swiss-blades.ch\/en\/instructors-2018\/","title":{"rendered":"Instructors 2018"},"content":{"rendered":"<hr>\n<h4 id=\"marine-beaumel\">Marine Beaumel (FIN)<\/h4>\n<p style=\"text-align: justify;\"><img data-recalc-dims=\"1\" loading=\"lazy\" decoding=\"async\" data-attachment-id=\"1432\" data-permalink=\"http:\/\/hema-swiss-blades.ch\/en\/instructors-2018\/marine-beaumel\/#main\" data-orig-file=\"https:\/\/i0.wp.com\/hema-swiss-blades.ch\/en\/wp-content\/uploads\/2018\/04\/Marine-Beaumel.jpg?fit=1944%2C2592\" data-orig-size=\"1944,2592\" data-comments-opened=\"0\" data-image-meta=\"{&quot;aperture&quot;:&quot;2.4&quot;,&quot;credit&quot;:&quot;&quot;,&quot;camera&quot;:&quot;H60-L04&quot;,&quot;caption&quot;:&quot;&quot;,&quot;created_timestamp&quot;:&quot;1518952587&quot;,&quot;copyright&quot;:&quot;&quot;,&quot;focal_length&quot;:&quot;2.38&quot;,&quot;iso&quot;:&quot;125&quot;,&quot;shutter_speed&quot;:&quot;0.04&quot;,&quot;title&quot;:&quot;&quot;,&quot;orientation&quot;:&quot;1&quot;}\" data-image-title=\"Marine Beaumel\" data-image-description=\"\" data-image-caption=\"\" data-medium-file=\"https:\/\/i0.wp.com\/hema-swiss-blades.ch\/en\/wp-content\/uploads\/2018\/04\/Marine-Beaumel.jpg?fit=225%2C300\" data-large-file=\"https:\/\/i0.wp.com\/hema-swiss-blades.ch\/en\/wp-content\/uploads\/2018\/04\/Marine-Beaumel.jpg?fit=540%2C720\" class=\"size-medium wp-image-1432 alignleft\" src=\"https:\/\/i0.wp.com\/hema-swiss-blades.ch\/en\/wp-content\/uploads\/2018\/04\/Marine-Beaumel.jpg?resize=225%2C300\" alt=\"\" width=\"225\" height=\"300\" srcset=\"https:\/\/i0.wp.com\/hema-swiss-blades.ch\/en\/wp-content\/uploads\/2018\/04\/Marine-Beaumel.jpg?resize=225%2C300 225w, https:\/\/i0.wp.com\/hema-swiss-blades.ch\/en\/wp-content\/uploads\/2018\/04\/Marine-Beaumel.jpg?resize=768%2C1024 768w, https:\/\/i0.wp.com\/hema-swiss-blades.ch\/en\/wp-content\/uploads\/2018\/04\/Marine-Beaumel.jpg?resize=1320%2C1760 1320w, https:\/\/i0.wp.com\/hema-swiss-blades.ch\/en\/wp-content\/uploads\/2018\/04\/Marine-Beaumel.jpg?w=1944 1944w, https:\/\/i0.wp.com\/hema-swiss-blades.ch\/en\/wp-content\/uploads\/2018\/04\/Marine-Beaumel.jpg?w=1080 1080w, https:\/\/i0.wp.com\/hema-swiss-blades.ch\/en\/wp-content\/uploads\/2018\/04\/Marine-Beaumel.jpg?w=1620 1620w\" sizes=\"auto, (max-width: 225px) 100vw, 225px\" \/>I have always been practicing all kind of sports and different martial arts (savate, thai boxing, judo,\u2026). I discovered HEMA in 2008 and joined the group in Toulouse (France) in 2010, where I&#8217;ve trained sword and buckler and then started teaching it. I have been an instructor for 5 years now. Nowadays, I am in Tampere (finland) where i co-founded a new group 4 years ago. I practice also langes messer and dagger, but my main focus is on 1.33.<\/p>\n<p>Workshop:<br \/>\n<a href=\"http:\/\/hema-swiss-blades.ch\/en\/workshops-2018\/#biomechanics-i.33\">Biomechanics in sword and buckler I.33<\/a><\/p>\n<hr>\n<div id=\"jasper-boelsma\">\n<h4>Jasper Boelsma (NED)<\/h4>\n<p style=\"text-align: justify;\"><img data-recalc-dims=\"1\" loading=\"lazy\" decoding=\"async\" data-attachment-id=\"1493\" data-permalink=\"http:\/\/hema-swiss-blades.ch\/en\/instructors-2018\/jasper-boelsma\/#main\" data-orig-file=\"https:\/\/i0.wp.com\/hema-swiss-blades.ch\/en\/wp-content\/uploads\/2018\/07\/Jasper-Boelsma.jpg?fit=3069%2C3069\" data-orig-size=\"3069,3069\" data-comments-opened=\"0\" data-image-meta=\"{&quot;aperture&quot;:&quot;8&quot;,&quot;credit&quot;:&quot;Andress Kools&quot;,&quot;camera&quot;:&quot;NIKON D750&quot;,&quot;caption&quot;:&quot;&quot;,&quot;created_timestamp&quot;:&quot;1518879918&quot;,&quot;copyright&quot;:&quot;MAN MET CAMERA&quot;,&quot;focal_length&quot;:&quot;85&quot;,&quot;iso&quot;:&quot;100&quot;,&quot;shutter_speed&quot;:&quot;0.008&quot;,&quot;title&quot;:&quot;&quot;,&quot;orientation&quot;:&quot;0&quot;}\" data-image-title=\"Jasper Boelsma\" data-image-description=\"\" data-image-caption=\"\" data-medium-file=\"https:\/\/i0.wp.com\/hema-swiss-blades.ch\/en\/wp-content\/uploads\/2018\/07\/Jasper-Boelsma.jpg?fit=300%2C300\" data-large-file=\"https:\/\/i0.wp.com\/hema-swiss-blades.ch\/en\/wp-content\/uploads\/2018\/07\/Jasper-Boelsma.jpg?fit=540%2C540\" class=\"alignleft wp-image-1493\" src=\"https:\/\/i0.wp.com\/hema-swiss-blades.ch\/en\/wp-content\/uploads\/2018\/07\/Jasper-Boelsma.jpg?resize=250%2C250\" alt=\"\" width=\"250\" height=\"250\" srcset=\"https:\/\/i0.wp.com\/hema-swiss-blades.ch\/en\/wp-content\/uploads\/2018\/07\/Jasper-Boelsma.jpg?resize=300%2C300 300w, https:\/\/i0.wp.com\/hema-swiss-blades.ch\/en\/wp-content\/uploads\/2018\/07\/Jasper-Boelsma.jpg?resize=150%2C150 150w, https:\/\/i0.wp.com\/hema-swiss-blades.ch\/en\/wp-content\/uploads\/2018\/07\/Jasper-Boelsma.jpg?resize=768%2C768 768w, https:\/\/i0.wp.com\/hema-swiss-blades.ch\/en\/wp-content\/uploads\/2018\/07\/Jasper-Boelsma.jpg?resize=1024%2C1024 1024w, https:\/\/i0.wp.com\/hema-swiss-blades.ch\/en\/wp-content\/uploads\/2018\/07\/Jasper-Boelsma.jpg?resize=1320%2C1320 1320w, https:\/\/i0.wp.com\/hema-swiss-blades.ch\/en\/wp-content\/uploads\/2018\/07\/Jasper-Boelsma.jpg?w=1080 1080w, https:\/\/i0.wp.com\/hema-swiss-blades.ch\/en\/wp-content\/uploads\/2018\/07\/Jasper-Boelsma.jpg?w=1620 1620w\" sizes=\"auto, (max-width: 250px) 100vw, 250px\" \/>I started doing HEMA in January of 2015, along with a small group of fellow students of archaeology at Leiden University. This small group eventuelly developed into HSSV Ludolph van Ceulen, the only HEMA-club for university students in the Netherlands.<\/p>\n<p style=\"text-align: justify;\">The club mainly focusses on Leck\u00fcchner messer, though tries to include as many different weapons as possible, to let our students experience both the uniqueness and similarities between different weaponsets.<\/p>\n<p style=\"text-align: justify;\">Two years ago, I started experimenting with the Viking Age weaponset, and have been practising between 2 and 6 hours a week with it ever since. And now, I feel ready to spread this progress with the HEMA-community. I&#8217;ve already presented this workshop at the Winterkamp-event, hosted by the Zwaardkring, and I&#8217;m planning to present it a lot more often.<\/p>\n<p>Workshop:<br \/>\n<a href=\"http:\/\/hema-swiss-blades.ch\/en\/workshops-2018\/#viking\">Introduction to Viking Sword and Shield<\/a><\/p>\n<p>Conference:<br \/>\n<a href=\"http:\/\/hema-swiss-blades.ch\/en\/conferences-2018\/#spatha\">The Evolution of the Spatha and its User<\/a><\/p>\n<hr>\n<h4 id=\"rui-ferreira\">Rui Ferreira (POR)<\/h4>\n<p><img data-recalc-dims=\"1\" loading=\"lazy\" decoding=\"async\" data-attachment-id=\"1428\" data-permalink=\"http:\/\/hema-swiss-blades.ch\/en\/instructors-2018\/rui-ferreira\/#main\" data-orig-file=\"https:\/\/i0.wp.com\/hema-swiss-blades.ch\/en\/wp-content\/uploads\/2018\/04\/Rui-Ferreira.png?fit=2485%2C2685\" data-orig-size=\"2485,2685\" data-comments-opened=\"0\" data-image-meta=\"{&quot;aperture&quot;:&quot;0&quot;,&quot;credit&quot;:&quot;&quot;,&quot;camera&quot;:&quot;&quot;,&quot;caption&quot;:&quot;&quot;,&quot;created_timestamp&quot;:&quot;0&quot;,&quot;copyright&quot;:&quot;&quot;,&quot;focal_length&quot;:&quot;0&quot;,&quot;iso&quot;:&quot;0&quot;,&quot;shutter_speed&quot;:&quot;0&quot;,&quot;title&quot;:&quot;&quot;,&quot;orientation&quot;:&quot;0&quot;}\" data-image-title=\"Rui Ferreira\" data-image-description=\"\" data-image-caption=\"\" data-medium-file=\"https:\/\/i0.wp.com\/hema-swiss-blades.ch\/en\/wp-content\/uploads\/2018\/04\/Rui-Ferreira.png?fit=278%2C300\" data-large-file=\"https:\/\/i0.wp.com\/hema-swiss-blades.ch\/en\/wp-content\/uploads\/2018\/04\/Rui-Ferreira.png?fit=540%2C583\" class=\"wp-image-1428 alignleft\" src=\"https:\/\/i0.wp.com\/hema-swiss-blades.ch\/en\/wp-content\/uploads\/2018\/04\/Rui-Ferreira.png?resize=250%2C270\" alt=\"\" width=\"250\" height=\"270\" srcset=\"https:\/\/i0.wp.com\/hema-swiss-blades.ch\/en\/wp-content\/uploads\/2018\/04\/Rui-Ferreira.png?resize=278%2C300 278w, https:\/\/i0.wp.com\/hema-swiss-blades.ch\/en\/wp-content\/uploads\/2018\/04\/Rui-Ferreira.png?resize=768%2C830 768w, https:\/\/i0.wp.com\/hema-swiss-blades.ch\/en\/wp-content\/uploads\/2018\/04\/Rui-Ferreira.png?resize=948%2C1024 948w, https:\/\/i0.wp.com\/hema-swiss-blades.ch\/en\/wp-content\/uploads\/2018\/04\/Rui-Ferreira.png?resize=1320%2C1426 1320w, https:\/\/i0.wp.com\/hema-swiss-blades.ch\/en\/wp-content\/uploads\/2018\/04\/Rui-Ferreira.png?w=1080 1080w, https:\/\/i0.wp.com\/hema-swiss-blades.ch\/en\/wp-content\/uploads\/2018\/04\/Rui-Ferreira.png?w=1620 1620w\" sizes=\"auto, (max-width: 250px) 100vw, 250px\" \/><\/p>\n<p style=\"text-align: justify;\">Rui Ferreira is a founding member and instructor of Espada Negra \u2013 HEMA Study Group in Lisbon, he\u2019s an assistant instructor at the Academy of Historical Fencing and actively researches British military swordsmanship of the Napoleonic period. With three translations so far, he has been contributing to the community by making accessible some of the lesser known Portuguese content from the 19th century. Rui is also fond of Italian rapier studying and teaching actively in the club according to Capo Ferro&#8217;s treatise. Additionally, you may recognise some of his works under the <a href=\"https:\/\/ruiferreira.artstation.com\/projects\/KBwBB\" target=\"_blank\" rel=\"noopener\">Fencing Masters Project<\/a>, where Rui makes use of his artistic background and master\u2019s degree, to bring back to life the fencing masters we love and study.<\/p>\n<p>Workshop:<br \/>\n<a href=\"http:\/\/hema-swiss-blades.ch\/en\/workshops-2018\/#capo-ferro-rapier\">Capo Ferro&#8217;s rapier<\/a><\/p>\n<hr>\n<h4 id=\"alexander-furgut\">&nbsp;Alexander F\u00fcrgut (DE)<\/h4>\n<p style=\"text-align: justify;\"><img data-recalc-dims=\"1\" loading=\"lazy\" decoding=\"async\" data-attachment-id=\"1445\" data-permalink=\"http:\/\/hema-swiss-blades.ch\/en\/instructors-2018\/alexander-furgut\/#main\" data-orig-file=\"https:\/\/i0.wp.com\/hema-swiss-blades.ch\/en\/wp-content\/uploads\/2018\/05\/Alexander-F%C3%BCrgut.jpg?fit=734%2C806\" data-orig-size=\"734,806\" data-comments-opened=\"0\" data-image-meta=\"{&quot;aperture&quot;:&quot;0&quot;,&quot;credit&quot;:&quot;&quot;,&quot;camera&quot;:&quot;&quot;,&quot;caption&quot;:&quot;&quot;,&quot;created_timestamp&quot;:&quot;0&quot;,&quot;copyright&quot;:&quot;&quot;,&quot;focal_length&quot;:&quot;0&quot;,&quot;iso&quot;:&quot;0&quot;,&quot;shutter_speed&quot;:&quot;0&quot;,&quot;title&quot;:&quot;&quot;,&quot;orientation&quot;:&quot;0&quot;}\" data-image-title=\"Alexander F\u00fcrgut\" data-image-description=\"\" data-image-caption=\"\" data-medium-file=\"https:\/\/i0.wp.com\/hema-swiss-blades.ch\/en\/wp-content\/uploads\/2018\/05\/Alexander-F%C3%BCrgut.jpg?fit=273%2C300\" data-large-file=\"https:\/\/i0.wp.com\/hema-swiss-blades.ch\/en\/wp-content\/uploads\/2018\/05\/Alexander-F%C3%BCrgut.jpg?fit=540%2C593\" class=\"wp-image-1445 alignleft\" src=\"https:\/\/i0.wp.com\/hema-swiss-blades.ch\/en\/wp-content\/uploads\/2018\/05\/Alexander-F%C3%BCrgut.jpg?resize=250%2C275\" alt=\"\" width=\"250\" height=\"275\" srcset=\"https:\/\/i0.wp.com\/hema-swiss-blades.ch\/en\/wp-content\/uploads\/2018\/05\/Alexander-F%C3%BCrgut.jpg?resize=273%2C300 273w, https:\/\/i0.wp.com\/hema-swiss-blades.ch\/en\/wp-content\/uploads\/2018\/05\/Alexander-F%C3%BCrgut.jpg?w=734 734w\" sizes=\"auto, (max-width: 250px) 100vw, 250px\" \/>Alexander F\u00fcrgut instructs longsword and historical wrestling at the Schwabenfedern Ulm, a club he co-founded in 2011. He mostly works with the Liechtenauer tradition and the Codex Danzig. His martial art interests also include regular training in Judo and Brazilian Jiu-Jitsu. As an instructor his goal is to train well rounded students who know how to thrive against resisting opponents and are well able to handle additional weapons and unarmed wrestling. For that reason, a central element of his teachings are exercises with Aliveness and progressive resistance leading into free play.<\/p>\n<p style=\"text-align: justify;\">Workshop:<br \/>\n<a href=\"http:\/\/hema-swiss-blades.ch\/en\/workshops-2018\/#zornhau-aliveness\">Training the Zornhau with Aliveness<\/a><\/p>\n<p style=\"text-align: justify;\">Conference:<br \/>\n<a href=\"http:\/\/hema-swiss-blades.ch\/en\/conferences-2018\/#aliveness\">Training with Aliveness<\/a><\/p>\n<hr>\n<h4 id=\"jens-peter-kleinau\">Jens Peter Kleinau (DE)<\/h4>\n<p><img data-recalc-dims=\"1\" loading=\"lazy\" decoding=\"async\" data-attachment-id=\"201\" data-permalink=\"http:\/\/hema-swiss-blades.ch\/en\/instructors-2017\/jpk\/#main\" data-orig-file=\"https:\/\/i0.wp.com\/hema-swiss-blades.ch\/en\/wp-content\/uploads\/2017\/02\/JPK-e1495220920681.png?fit=1040%2C1318\" data-orig-size=\"1040,1318\" data-comments-opened=\"0\" data-image-meta=\"{&quot;aperture&quot;:&quot;0&quot;,&quot;credit&quot;:&quot;&quot;,&quot;camera&quot;:&quot;&quot;,&quot;caption&quot;:&quot;&quot;,&quot;created_timestamp&quot;:&quot;0&quot;,&quot;copyright&quot;:&quot;&quot;,&quot;focal_length&quot;:&quot;0&quot;,&quot;iso&quot;:&quot;0&quot;,&quot;shutter_speed&quot;:&quot;0&quot;,&quot;title&quot;:&quot;&quot;,&quot;orientation&quot;:&quot;0&quot;}\" data-image-title=\"JPK\" data-image-description=\"\" data-image-caption=\"\" data-medium-file=\"https:\/\/i0.wp.com\/hema-swiss-blades.ch\/en\/wp-content\/uploads\/2017\/02\/JPK-e1495220920681.png?fit=237%2C300\" data-large-file=\"https:\/\/i0.wp.com\/hema-swiss-blades.ch\/en\/wp-content\/uploads\/2017\/02\/JPK-e1495220920681.png?fit=540%2C684\" class=\"size-medium wp-image-201 alignleft\" src=\"https:\/\/i0.wp.com\/hema-swiss-blades.ch\/en\/wp-content\/uploads\/2017\/02\/JPK-e1495220920681-237x300.png?resize=237%2C300\" alt=\"\" width=\"237\" height=\"300\" srcset=\"https:\/\/i0.wp.com\/hema-swiss-blades.ch\/en\/wp-content\/uploads\/2017\/02\/JPK-e1495220920681.png?resize=237%2C300 237w, https:\/\/i0.wp.com\/hema-swiss-blades.ch\/en\/wp-content\/uploads\/2017\/02\/JPK-e1495220920681.png?resize=768%2C973 768w, https:\/\/i0.wp.com\/hema-swiss-blades.ch\/en\/wp-content\/uploads\/2017\/02\/JPK-e1495220920681.png?resize=808%2C1024 808w, https:\/\/i0.wp.com\/hema-swiss-blades.ch\/en\/wp-content\/uploads\/2017\/02\/JPK-e1495220920681.png?w=1040 1040w\" sizes=\"auto, (max-width: 237px) 100vw, 237px\" \/><\/p>\n<p style=\"text-align: justify;\">Jens P. Kleinau is the instructor for single handed weapons, and single handed weapon combinations at Zornhau, in Germany. His way of martial arts and sports started in 1973 with Olympic fencing. Since then he studied various martial arts with some respites mostly related to injuries resulting from that kind of leisure-time activity. His main studies had been Fencing and Shotokan Karate (Risto Kiiskil\u00e4). He is still in Wing Chun (Richard Cole lineage Leung Ting), Historical Martial Arts (Torsten Schneyer and many others), and most recently in Taijiquan (lineage Yang Style). He is a member of Zornhau since 2005, and in 2009 he joined a second HEMA club named Stahl auf Stahl, Frankfurt, Germany. In 2013 he founded the New Marxbr\u00fcder association in Frankfurt. In 2016 he started to teach in the Fechtfabrik in Frankfurt. He is a sought-after instructor at international events or workshops as he reduces his appearence to only a few selected per annum. His favorite teaching subjects are Langes Messer (long knife), sword &amp; buckler, and shield and spear. Jens P. researches, transcribes, translates, and interprets the medieval and renaissance fighting manuals and publishes at his well-known blog <a href=\"http:\/\/talhoffer.wordpress.com\" target=\"_blank\" rel=\"noopener\">http:\/\/talhoffer.wordpress.com<\/a>. As a part of the Zornhau team he measures and handles original weapons and shields and publishes the data at the club&#8217;s website. To broaden his horizon and assure the quality of his own work, he is in constant exchange with other experts (mostly using his three letter acronym &#8220;jpk&#8221; or a nom de plume matching this acronym like &#8220;Johann Paulus Kal&#8221; at Facebook).<\/p>\n<p style=\"text-align: justify;\">Workshop:<br \/>\n<a href=\"http:\/\/hema-swiss-blades.ch\/en\/workshops-2018\/#fighting-like-a-bodyguard\">Fighting like a Bodyguard<\/a><\/p>\n<hr>\n<div>&nbsp;<\/div>\n<div id=\"michael-muller-hewer\">\n<h4>&nbsp;<\/h4>\n<h4>&nbsp;<\/h4>\n<h4>Michael M\u00fcller-Hewer (CH)<\/h4>\n<p style=\"text-align: justify;\"><img data-recalc-dims=\"1\" loading=\"lazy\" decoding=\"async\" data-attachment-id=\"1453\" data-permalink=\"http:\/\/hema-swiss-blades.ch\/en\/instructors-2018\/michael-muller-hewer\/#main\" data-orig-file=\"https:\/\/i0.wp.com\/hema-swiss-blades.ch\/en\/wp-content\/uploads\/2018\/05\/Michael-M%C3%BCller-Hewer.jpg?fit=886%2C1181\" data-orig-size=\"886,1181\" data-comments-opened=\"0\" data-image-meta=\"{&quot;aperture&quot;:&quot;3.2&quot;,&quot;credit&quot;:&quot;&quot;,&quot;camera&quot;:&quot;DMC-FZ45&quot;,&quot;caption&quot;:&quot;&quot;,&quot;created_timestamp&quot;:&quot;1521817413&quot;,&quot;copyright&quot;:&quot;&quot;,&quot;focal_length&quot;:&quot;8.5&quot;,&quot;iso&quot;:&quot;400&quot;,&quot;shutter_speed&quot;:&quot;0.016666666666667&quot;,&quot;title&quot;:&quot;&quot;,&quot;orientation&quot;:&quot;1&quot;}\" data-image-title=\"Michael M\u00fcller-Hewer\" data-image-description=\"\" data-image-caption=\"\" data-medium-file=\"https:\/\/i0.wp.com\/hema-swiss-blades.ch\/en\/wp-content\/uploads\/2018\/05\/Michael-M%C3%BCller-Hewer.jpg?fit=225%2C300\" data-large-file=\"https:\/\/i0.wp.com\/hema-swiss-blades.ch\/en\/wp-content\/uploads\/2018\/05\/Michael-M%C3%BCller-Hewer.jpg?fit=540%2C720\" class=\"wp-image-1453 size-medium alignleft\" src=\"https:\/\/i0.wp.com\/hema-swiss-blades.ch\/en\/wp-content\/uploads\/2018\/05\/Michael-M%C3%BCller-Hewer.jpg?resize=225%2C300\" alt=\"\" width=\"225\" height=\"300\" srcset=\"https:\/\/i0.wp.com\/hema-swiss-blades.ch\/en\/wp-content\/uploads\/2018\/05\/Michael-M%C3%BCller-Hewer.jpg?resize=225%2C300 225w, https:\/\/i0.wp.com\/hema-swiss-blades.ch\/en\/wp-content\/uploads\/2018\/05\/Michael-M%C3%BCller-Hewer.jpg?resize=768%2C1024 768w, https:\/\/i0.wp.com\/hema-swiss-blades.ch\/en\/wp-content\/uploads\/2018\/05\/Michael-M%C3%BCller-Hewer.jpg?w=886 886w\" sizes=\"auto, (max-width: 225px) 100vw, 225px\" \/>Born in Germany, I have started to learn stage fighting and \u201cescrime ancienne\u201d in Paris in 1984 and I have studied seriously French baroque fencing since 1990. For more than 20 years, I worked in France as an actor combatant, choreographer and specialist for Blanc weapons in cinema and theater. Since 1992, I teache stage and historic fencing. After three-year-studies, I obtained in 1996 a fencing master&#8217;s certificate of the \u201cAkademie der Fechtkunst Deutschlands\u201d. Since 2000, I live in Lausanne\/Switzerland. The practice of the Celtic battle in Switzerland developed around my teaching at the University of Lausanne (UNIL) with the study group Cladio. Today I work at the \u201cCercle des Armes de Lausanne\u201d with the group \u201cCALhistar\u201d. According to the tradition of itinerant Masters I give regularly workshops of Stage fighting and HEMA in France, in Germany, in Switzerland and in Italy.<\/p>\n<p>Workshops:<br \/>\n<a href=\"http:\/\/hema-swiss-blades.ch\/en\/workshops-2018\/#court-sword\">The French fencing and the epee de court (court sword)<\/a><br \/>\n<a href=\"http:\/\/hema-swiss-blades.ch\/en\/workshops-2018\/#french-quarterstaff\">The \u201cFrench\u201d quarterstaff<\/a><\/p>\n<hr>\n<div id=\"anouk-post\">\n<h4>Anouk Post (NED)<\/h4>\n<p style=\"text-align: justify;\"><img data-recalc-dims=\"1\" loading=\"lazy\" decoding=\"async\" data-attachment-id=\"1409\" data-permalink=\"http:\/\/hema-swiss-blades.ch\/en\/instructors-2018\/anouk-post\/#main\" data-orig-file=\"https:\/\/i0.wp.com\/hema-swiss-blades.ch\/en\/wp-content\/uploads\/2018\/03\/Anouk-Post.jpeg?fit=1362%2C2048\" data-orig-size=\"1362,2048\" data-comments-opened=\"0\" data-image-meta=\"{&quot;aperture&quot;:&quot;0&quot;,&quot;credit&quot;:&quot;&quot;,&quot;camera&quot;:&quot;&quot;,&quot;caption&quot;:&quot;&quot;,&quot;created_timestamp&quot;:&quot;0&quot;,&quot;copyright&quot;:&quot;(c) Kaos.Media&quot;,&quot;focal_length&quot;:&quot;0&quot;,&quot;iso&quot;:&quot;0&quot;,&quot;shutter_speed&quot;:&quot;0&quot;,&quot;title&quot;:&quot;&quot;,&quot;orientation&quot;:&quot;0&quot;}\" data-image-title=\"Anouk Post\" data-image-description=\"\" data-image-caption=\"\" data-medium-file=\"https:\/\/i0.wp.com\/hema-swiss-blades.ch\/en\/wp-content\/uploads\/2018\/03\/Anouk-Post.jpeg?fit=200%2C300\" data-large-file=\"https:\/\/i0.wp.com\/hema-swiss-blades.ch\/en\/wp-content\/uploads\/2018\/03\/Anouk-Post.jpeg?fit=540%2C812\" class=\"wp-image-1409 alignleft\" src=\"https:\/\/i0.wp.com\/hema-swiss-blades.ch\/en\/wp-content\/uploads\/2018\/03\/Anouk-Post.jpeg?resize=250%2C376\" alt=\"\" width=\"250\" height=\"376\" srcset=\"https:\/\/i0.wp.com\/hema-swiss-blades.ch\/en\/wp-content\/uploads\/2018\/03\/Anouk-Post.jpeg?resize=200%2C300 200w, https:\/\/i0.wp.com\/hema-swiss-blades.ch\/en\/wp-content\/uploads\/2018\/03\/Anouk-Post.jpeg?resize=768%2C1155 768w, https:\/\/i0.wp.com\/hema-swiss-blades.ch\/en\/wp-content\/uploads\/2018\/03\/Anouk-Post.jpeg?resize=681%2C1024 681w, https:\/\/i0.wp.com\/hema-swiss-blades.ch\/en\/wp-content\/uploads\/2018\/03\/Anouk-Post.jpeg?resize=1320%2C1985 1320w, https:\/\/i0.wp.com\/hema-swiss-blades.ch\/en\/wp-content\/uploads\/2018\/03\/Anouk-Post.jpeg?w=1362 1362w, https:\/\/i0.wp.com\/hema-swiss-blades.ch\/en\/wp-content\/uploads\/2018\/03\/Anouk-Post.jpeg?w=1080 1080w\" sizes=\"auto, (max-width: 250px) 100vw, 250px\" \/>Anouk Post started doing H.E.M.A. at the end of 2012. Like most she started at a club doing longsword, but that all changed when she held a sabre for the first time in 2015. Heavenly music came down from the sky, light radiated from the beautifully curved blade with elegant guard, and longsword was a thing of the past.<\/p>\n<p style=\"text-align: justify;\">Well, perhaps it wasn&#8217;t that dramatic, but her interested skyrocketed completly the moment she first read &#8216;the Art of Defence on Foot&#8217; by C. Roworth and soon she owned more sabres than longswords. Enthused by the simple yet thorough description originating from Great Britain during the Napoleonic era, she realised it was the perfect treatise for people who had never held a sabre before. It wasn&#8217;t long before she gave her first sabre introduction workshop, and has successfully spread the sabre virus both nationally and internationally ever since.<\/p>\n<p style=\"text-align: justify;\">Anouk has successfully competed in several competitions and has given workshops at several events such as HEMAC Dijon, By the Sword &amp; the International Lowlands Hema Gathering. As an independent instructor she occasionally teaches at several H.E.M.A. clubs in the Netherlands, and when not teaching she spends her time on her duties as a board member of the Dutch H.E.M.A. Federation.<\/p>\n<p>Workshop:<br \/>\n<a href=\"http:\/\/hema-swiss-blades.ch\/en\/workshops-2018\/#sabre-roworth\">The perfect crash course on British military sabre<\/a><\/p>\n<hr>\n<div id=\"oskar-ter-mors\">\n<h4>Oskar ter Mors (NED)<\/h4>\n<p style=\"text-align: justify;\"><img data-recalc-dims=\"1\" loading=\"lazy\" decoding=\"async\" data-attachment-id=\"1479\" data-permalink=\"http:\/\/hema-swiss-blades.ch\/en\/instructors-2018\/oskar-ter-mors\/#main\" data-orig-file=\"https:\/\/i0.wp.com\/hema-swiss-blades.ch\/en\/wp-content\/uploads\/2018\/06\/Oskar-ter-Mors.jpg?fit=816%2C816\" data-orig-size=\"816,816\" data-comments-opened=\"0\" data-image-meta=\"{&quot;aperture&quot;:&quot;0&quot;,&quot;credit&quot;:&quot;&quot;,&quot;camera&quot;:&quot;&quot;,&quot;caption&quot;:&quot;&quot;,&quot;created_timestamp&quot;:&quot;0&quot;,&quot;copyright&quot;:&quot;&quot;,&quot;focal_length&quot;:&quot;0&quot;,&quot;iso&quot;:&quot;0&quot;,&quot;shutter_speed&quot;:&quot;0&quot;,&quot;title&quot;:&quot;&quot;,&quot;orientation&quot;:&quot;0&quot;}\" data-image-title=\"Oskar ter Mors\" data-image-description=\"\" data-image-caption=\"\" data-medium-file=\"https:\/\/i0.wp.com\/hema-swiss-blades.ch\/en\/wp-content\/uploads\/2018\/06\/Oskar-ter-Mors.jpg?fit=300%2C300\" data-large-file=\"https:\/\/i0.wp.com\/hema-swiss-blades.ch\/en\/wp-content\/uploads\/2018\/06\/Oskar-ter-Mors.jpg?fit=540%2C540\" class=\"size-medium wp-image-1479 alignleft\" src=\"https:\/\/i0.wp.com\/hema-swiss-blades.ch\/en\/wp-content\/uploads\/2018\/06\/Oskar-ter-Mors.jpg?resize=300%2C300\" alt=\"\" width=\"300\" height=\"300\" srcset=\"https:\/\/i0.wp.com\/hema-swiss-blades.ch\/en\/wp-content\/uploads\/2018\/06\/Oskar-ter-Mors.jpg?resize=300%2C300 300w, https:\/\/i0.wp.com\/hema-swiss-blades.ch\/en\/wp-content\/uploads\/2018\/06\/Oskar-ter-Mors.jpg?resize=150%2C150 150w, https:\/\/i0.wp.com\/hema-swiss-blades.ch\/en\/wp-content\/uploads\/2018\/06\/Oskar-ter-Mors.jpg?resize=768%2C768 768w, https:\/\/i0.wp.com\/hema-swiss-blades.ch\/en\/wp-content\/uploads\/2018\/06\/Oskar-ter-Mors.jpg?w=816 816w\" sizes=\"auto, (max-width: 300px) 100vw, 300px\" \/>Oskar ter Mors has been doing HEMA since 2009, seeking a past-time that would unite his love of history and his wish to learn martial arts. Since then, things have gotten somewhat out of hand, as Oskar nowadays spends most of his time fighting with swords or thinking about fighting with swords. Since 2013, he has been an instructor at AMEK. His HEMA experience encompasses teaching, research and competing, as he believes that all of these are important for becoming a good martial artist. Although he practices multiple weapons and systems, he is most at home when wielding a longsword or langes messer.<\/p>\n<p>Workshop:<br \/>\n<a href=\"http:\/\/hema-swiss-blades.ch\/en\/workshops-2018\/#langenort-messer\">Mutual Thrust. Using the Langenort in langes Messer.<br \/>\n<\/a><\/p>\n<hr>\n<div id=\"davy-van-elst\">\n<h4>Davy Van Elst (BE)<\/h4>\n<p style=\"text-align: justify;\"><img data-recalc-dims=\"1\" loading=\"lazy\" decoding=\"async\" data-attachment-id=\"1457\" data-permalink=\"http:\/\/hema-swiss-blades.ch\/en\/instructors-2018\/davy-van-elst\/#main\" data-orig-file=\"https:\/\/i0.wp.com\/hema-swiss-blades.ch\/en\/wp-content\/uploads\/2018\/05\/Davy-Van-Elst.jpg?fit=640%2C960\" data-orig-size=\"640,960\" data-comments-opened=\"0\" data-image-meta=\"{&quot;aperture&quot;:&quot;0&quot;,&quot;credit&quot;:&quot;Picasa&quot;,&quot;camera&quot;:&quot;&quot;,&quot;caption&quot;:&quot;&quot;,&quot;created_timestamp&quot;:&quot;0&quot;,&quot;copyright&quot;:&quot;&quot;,&quot;focal_length&quot;:&quot;0&quot;,&quot;iso&quot;:&quot;0&quot;,&quot;shutter_speed&quot;:&quot;0&quot;,&quot;title&quot;:&quot;&quot;,&quot;orientation&quot;:&quot;0&quot;}\" data-image-title=\"Davy Van Elst\" data-image-description=\"\" data-image-caption=\"\" data-medium-file=\"https:\/\/i0.wp.com\/hema-swiss-blades.ch\/en\/wp-content\/uploads\/2018\/05\/Davy-Van-Elst.jpg?fit=200%2C300\" data-large-file=\"https:\/\/i0.wp.com\/hema-swiss-blades.ch\/en\/wp-content\/uploads\/2018\/05\/Davy-Van-Elst.jpg?fit=540%2C810\" class=\"wp-image-1457 alignleft\" src=\"https:\/\/i0.wp.com\/hema-swiss-blades.ch\/en\/wp-content\/uploads\/2018\/05\/Davy-Van-Elst-200x300.jpg?resize=225%2C338\" alt=\"\" width=\"225\" height=\"338\" srcset=\"https:\/\/i0.wp.com\/hema-swiss-blades.ch\/en\/wp-content\/uploads\/2018\/05\/Davy-Van-Elst.jpg?resize=200%2C300 200w, https:\/\/i0.wp.com\/hema-swiss-blades.ch\/en\/wp-content\/uploads\/2018\/05\/Davy-Van-Elst.jpg?w=640 640w\" sizes=\"auto, (max-width: 225px) 100vw, 225px\" \/>Davy Van Elst started as an active fencer at Sumus Soldani in 2009 and became the main instructor in 2013. Not only interested in Liechtenauer longsword, he also began studying Joachim Meyer and quickly acquired the rank of Fechter in the Meyer Freifechter Guild after a test of his knowledge and skill with the longsword according to Joachim Meyer. Apart from longsword, Davy also has a weak spot for the Bolognese sword and buckler system which he picked up only recently in the begin of 2017. Besides teaching the weekly classes at Sumus Soldani, he has also given a number of longsword and Bolognese sword and buckler workshops in Belgium and other countries.<\/p>\n<p>Workshop:<br \/>\n<a href=\"http:\/\/hema-swiss-blades.ch\/en\/workshops-2018\/#tactic-zufechten\">Tactical use of Zufechten<\/a><\/p>\n<p><!--\n\n\n\n<hr>\n\n\n\n\n\n<div id=\"mickael-vieillard\">\n\n\n<h4><span id=\"result_box\" class=\"\" lang=\"en\"><span title=\"Pr\u00e9sident de l\u2019association Armatura, repr\u00e9sentant de la commission Recherche, Histoire et Patrimoine, ainsi que de la commission PALAS au sein de la FFAMHE et fondateur du site de r\u00e9f\u00e9rencement de sources: ressourcesamhe.com.\">Micka\u00ebl Vieillard (FRA)\n<\/span><\/span><\/h4>\n\n\n\n\n<p style=\"text-align: justify;\"><span id=\"result_box\" class=\"\" lang=\"en\"><span title=\"Pr\u00e9sident de l\u2019association Armatura, repr\u00e9sentant de la commission Recherche, Histoire et Patrimoine, ainsi que de la commission PALAS au sein de la FFAMHE et fondateur du site de r\u00e9f\u00e9rencement de sources: ressourcesamhe.com.\"><img loading=\"lazy\" decoding=\"async\" data-attachment-id=\"1468\" data-permalink=\"http:\/\/hema-swiss-blades.ch\/en\/instructors-2018\/mickael-vieillard\/#main\" data-orig-file=\"https:\/\/i0.wp.com\/hema-swiss-blades.ch\/en\/wp-content\/uploads\/2018\/05\/Micka%C3%ABl-Vieillard.jpg?fit=440%2C528\" data-orig-size=\"440,528\" data-comments-opened=\"0\" data-image-meta=\"{&quot;aperture&quot;:&quot;0&quot;,&quot;credit&quot;:&quot;Anne-Caroline Le Coultre&quot;,&quot;camera&quot;:&quot;&quot;,&quot;caption&quot;:&quot;&quot;,&quot;created_timestamp&quot;:&quot;1527708306&quot;,&quot;copyright&quot;:&quot;&quot;,&quot;focal_length&quot;:&quot;0&quot;,&quot;iso&quot;:&quot;0&quot;,&quot;shutter_speed&quot;:&quot;0&quot;,&quot;title&quot;:&quot;&quot;,&quot;orientation&quot;:&quot;0&quot;}\" data-image-title=\"Micka\u00ebl Vieillard\" data-image-description=\"\" data-image-caption=\"\" data-medium-file=\"https:\/\/i0.wp.com\/hema-swiss-blades.ch\/en\/wp-content\/uploads\/2018\/05\/Micka%C3%ABl-Vieillard.jpg?fit=250%2C300\" data-large-file=\"https:\/\/i0.wp.com\/hema-swiss-blades.ch\/en\/wp-content\/uploads\/2018\/05\/Micka%C3%ABl-Vieillard.jpg?fit=440%2C528\" class=\"wp-image-1468 alignleft\" src=\"http:\/\/hema-swiss-blades.ch\/en\/wp-content\/uploads\/2018\/05\/Micka\u00ebl-Vieillard-250x300.jpg\" alt=\"\" width=\"225\" height=\"270\" srcset=\"https:\/\/i0.wp.com\/hema-swiss-blades.ch\/en\/wp-content\/uploads\/2018\/05\/Micka%C3%ABl-Vieillard.jpg?resize=250%2C300 250w, https:\/\/i0.wp.com\/hema-swiss-blades.ch\/en\/wp-content\/uploads\/2018\/05\/Micka%C3%ABl-Vieillard.jpg?w=440 440w\" sizes=\"auto, (max-width: 225px) 100vw, 225px\" \/>President of the association Armatura, representative of the commission Research, History and Heritage, as well as of the commission PALAS within the FFAMHE and founder of the site of referencing of sources: <a href=\"http:\/\/ressourcesamhe.com\">ressourcesamhe.com<\/a>. He s<\/span><span title=\"A commenc\u00e9 les arts martiaux asiatiques \u00e0 l\u2019\u00e2ge de 10 ans, les pratiquant avec r\u00e9gularit\u00e9 jusqu\u2019\u00e0 ses 21 ans puis par intermittence jusqu\u2019\u00e0 aujourd\u2019hui.\">tarted Asian martial arts at the age of 10, practicing them regularly until age 21 and then intermittently until today. <\/span><span title=\"Il commence aussi \u201cl\u2019\u00e9vocation historique\u201d avec des amis \u00e0 partir de 2004 par go\u00fbt des arts martiaux et des \u00e9p\u00e9es.\">He also begins \"historical evocation\" with friends in 2004, for taste of martial arts and swords. <\/span><span title=\"Ce qui le conduira \u00e0 s\u2019interroger sur les pratiques historiques, \u00e0 d\u00e9couvrir des sources en lignes et \u00e0 tr\u00e8s vite contacter De Taille et d\u2019Estoc, l\u2019association d\u2019AMHE la plus proche de chez lui.\">This will lead him to question historical practices, to discover sources online and quickly contact De Taille et d'Estoc, the closest HEMA association. <\/span><span title=\"Il fonde Armatura avec l\u2019aide de DTE fin 2013, pour pratiquer plusieurs armes, \u00e9poques et traditions sans chercher la sp\u00e9cialisation, se laissant guider par sa curiosit\u00e9.\">He founded Armatura with the help of DTE at the end of 2013, to practice several weapons, eras and traditions without seeking specialization, being guided by his curiosity. <\/span><span title=\"En parall\u00e8le, il d\u00e9couvre le probl\u00e8me de d\u00e9centralisation des sources, des travaux et la difficult\u00e9 d\u2019acc\u00e9der \u00e0 ceux-ci.\">In parallel, he discovers the problem of decentralization of sources, works, and the difficulty of accessing them. <\/span><span title=\"Il commence d\u00e8s 2014 \u00e0 compiler et r\u00e9f\u00e9rencer et rendre disponibles, en ligne, ses recherches personnelles pour arriver aujourd\u2019hui \u00e0 un peu plus de 60 documents sur des traditions ou th\u00e8mes divers.\">Starting in 2014, he began to compile and reference and make available, online, his personal research to arrive today at a little more than 60 documents on various traditions or themes.<\/span><\/span><\/p>\n\n\n\nWorkshop:\n<a href=\"http:\/\/hema-swiss-blades.ch\/en\/workshops-2018\/#knife-jacket\">Defending your honour and life with a knife, according to \u00c9mile Andr\u00e9<\/a>\n--><\/p>\n<hr>\n<div id=\"darko-zuercher\">\n<h4>Darko Andreas Z\u00fcrcher (CH)<\/h4>\n<p><img data-recalc-dims=\"1\" loading=\"lazy\" decoding=\"async\" data-attachment-id=\"1417\" data-permalink=\"http:\/\/hema-swiss-blades.ch\/en\/instructors-2018\/darko-andreas-zurcher\/#main\" data-orig-file=\"https:\/\/i0.wp.com\/hema-swiss-blades.ch\/en\/wp-content\/uploads\/2018\/03\/Darko-Andreas-Z%C3%BCrcher.png?fit=816%2C1088\" data-orig-size=\"816,1088\" data-comments-opened=\"0\" data-image-meta=\"{&quot;aperture&quot;:&quot;0&quot;,&quot;credit&quot;:&quot;&quot;,&quot;camera&quot;:&quot;&quot;,&quot;caption&quot;:&quot;&quot;,&quot;created_timestamp&quot;:&quot;0&quot;,&quot;copyright&quot;:&quot;&quot;,&quot;focal_length&quot;:&quot;0&quot;,&quot;iso&quot;:&quot;0&quot;,&quot;shutter_speed&quot;:&quot;0&quot;,&quot;title&quot;:&quot;&quot;,&quot;orientation&quot;:&quot;0&quot;}\" data-image-title=\"Darko Andreas Z\u00fcrcher\" data-image-description=\"\" data-image-caption=\"\" data-medium-file=\"https:\/\/i0.wp.com\/hema-swiss-blades.ch\/en\/wp-content\/uploads\/2018\/03\/Darko-Andreas-Z%C3%BCrcher.png?fit=225%2C300\" data-large-file=\"https:\/\/i0.wp.com\/hema-swiss-blades.ch\/en\/wp-content\/uploads\/2018\/03\/Darko-Andreas-Z%C3%BCrcher.png?fit=540%2C720\" class=\"alignleft wp-image-1417 size-medium\" src=\"https:\/\/i0.wp.com\/hema-swiss-blades.ch\/en\/wp-content\/uploads\/2018\/03\/Darko-Andreas-Z%C3%BCrcher.png?resize=225%2C300\" alt=\"\" width=\"225\" height=\"300\" srcset=\"https:\/\/i0.wp.com\/hema-swiss-blades.ch\/en\/wp-content\/uploads\/2018\/03\/Darko-Andreas-Z%C3%BCrcher.png?resize=225%2C300 225w, https:\/\/i0.wp.com\/hema-swiss-blades.ch\/en\/wp-content\/uploads\/2018\/03\/Darko-Andreas-Z%C3%BCrcher.png?resize=768%2C1024 768w, https:\/\/i0.wp.com\/hema-swiss-blades.ch\/en\/wp-content\/uploads\/2018\/03\/Darko-Andreas-Z%C3%BCrcher.png?w=816 816w\" sizes=\"auto, (max-width: 225px) 100vw, 225px\" \/><\/p>\n<p style=\"text-align: justify;\">Before starting HEMA I have done Judo in my youth and Schl\u00e4ger and Sabre during my time at university.<\/p>\n<p style=\"text-align: justify;\">I have been practicing historical fencing since 2012, occasionally taking the role as an instructor since 2013 and started Sub Brach in Olten in 2014.<\/p>\n<p style=\"text-align: justify;\">Since then I have given workshops on sabre, dagger, dussack, staff, sword and buckler, longsword.<\/p>\n<p>&nbsp;<\/p>\n<p>Workshop:<br \/>\n<a href=\"http:\/\/hema-swiss-blades.ch\/en\/workshops-2018\/#messer-leckuechner\">\u00dcberlaufen, Durchlaufen, Messer nehmen nach Leck\u00fcchner<\/a><\/p>\n<\/div>\n<hr>\n<\/div>\n<\/div>\n<\/div>\n<\/div>\n<\/div>\n","protected":false},"excerpt":{"rendered":"<p>Marine Beaumel (FIN) I have always been practicing all kind of sports and different martial arts (savate, thai boxing, judo,\u2026). I discovered HEMA in 2008 and joined the group in Toulouse (France) in 2010, where I&#8217;ve trained sword and buckler <a class=\"more-link\" href=\"http:\/\/hema-swiss-blades.ch\/en\/instructors-2018\/\">Read More &#8230;<\/a><\/p>\n","protected":false},"author":3,"featured_media":94,"parent":0,"menu_order":0,"comment_status":"closed","ping_status":"closed","template":"","meta":{"ngg_post_thumbnail":0,"jetpack_post_was_ever_published":false,"footnotes":""},"class_list":["post-1306","page","type-page","status-publish","has-post-thumbnail","hentry"],"yoast_head":"<!-- This site is optimized with the Yoast SEO plugin v24.7 - https:\/\/yoast.com\/wordpress\/plugins\/seo\/ -->\n<title>Instructors 2018 - Swiss Blades<\/title>\n<meta name=\"robots\" content=\"index, follow, max-snippet:-1, max-image-preview:large, max-video-preview:-1\" \/>\n<link rel=\"canonical\" href=\"http:\/\/hema-swiss-blades.ch\/en\/instructors-2018\/\" \/>\n<meta property=\"og:locale\" content=\"en_US\" \/>\n<meta property=\"og:type\" content=\"article\" \/>\n<meta property=\"og:title\" content=\"Instructors 2018 - Swiss Blades\" \/>\n<meta property=\"og:description\" content=\"Marine Beaumel (FIN) I have always been practicing all kind of sports and different martial arts (savate, thai boxing, judo,\u2026). I discovered HEMA in 2008 and joined the group in Toulouse (France) in 2010, where I&#8217;ve trained sword and buckler Read More ...\" \/>\n<meta property=\"og:url\" content=\"http:\/\/hema-swiss-blades.ch\/en\/instructors-2018\/\" \/>\n<meta property=\"og:site_name\" content=\"Swiss Blades\" \/>\n<meta property=\"article:modified_time\" content=\"2024-09-19T12:38:17+00:00\" \/>\n<meta property=\"og:image\" content=\"https:\/\/i0.wp.com\/hema-swiss-blades.ch\/en\/wp-content\/uploads\/2017\/02\/instructor.jpg?fit=2464%2C900\" \/>\n\t<meta property=\"og:image:width\" content=\"2464\" \/>\n\t<meta property=\"og:image:height\" content=\"900\" \/>\n\t<meta property=\"og:image:type\" content=\"image\/jpeg\" \/>\n<meta name=\"twitter:card\" content=\"summary_large_image\" \/>\n<meta name=\"twitter:label1\" content=\"Est. reading time\" \/>\n\t<meta name=\"twitter:data1\" content=\"9 minutes\" \/>\n<script type=\"application\/ld+json\" class=\"yoast-schema-graph\">{\"@context\":\"https:\/\/schema.org\",\"@graph\":[{\"@type\":\"WebPage\",\"@id\":\"http:\/\/hema-swiss-blades.ch\/en\/instructors-2018\/\",\"url\":\"http:\/\/hema-swiss-blades.ch\/en\/instructors-2018\/\",\"name\":\"Instructors 2018 - Swiss Blades\",\"isPartOf\":{\"@id\":\"http:\/\/hema-swiss-blades.ch\/en\/#website\"},\"primaryImageOfPage\":{\"@id\":\"http:\/\/hema-swiss-blades.ch\/en\/instructors-2018\/#primaryimage\"},\"image\":{\"@id\":\"http:\/\/hema-swiss-blades.ch\/en\/instructors-2018\/#primaryimage\"},\"thumbnailUrl\":\"https:\/\/i0.wp.com\/hema-swiss-blades.ch\/en\/wp-content\/uploads\/2017\/02\/instructor.jpg?fit=2464%2C900\",\"datePublished\":\"2018-01-23T14:45:49+00:00\",\"dateModified\":\"2024-09-19T12:38:17+00:00\",\"breadcrumb\":{\"@id\":\"http:\/\/hema-swiss-blades.ch\/en\/instructors-2018\/#breadcrumb\"},\"inLanguage\":\"en-US\",\"potentialAction\":[{\"@type\":\"ReadAction\",\"target\":[\"http:\/\/hema-swiss-blades.ch\/en\/instructors-2018\/\"]}]},{\"@type\":\"ImageObject\",\"inLanguage\":\"en-US\",\"@id\":\"http:\/\/hema-swiss-blades.ch\/en\/instructors-2018\/#primaryimage\",\"url\":\"https:\/\/i0.wp.com\/hema-swiss-blades.ch\/en\/wp-content\/uploads\/2017\/02\/instructor.jpg?fit=2464%2C900\",\"contentUrl\":\"https:\/\/i0.wp.com\/hema-swiss-blades.ch\/en\/wp-content\/uploads\/2017\/02\/instructor.jpg?fit=2464%2C900\",\"width\":2464,\"height\":900},{\"@type\":\"BreadcrumbList\",\"@id\":\"http:\/\/hema-swiss-blades.ch\/en\/instructors-2018\/#breadcrumb\",\"itemListElement\":[{\"@type\":\"ListItem\",\"position\":1,\"name\":\"Home\",\"item\":\"http:\/\/hema-swiss-blades.ch\/en\/\"},{\"@type\":\"ListItem\",\"position\":2,\"name\":\"Instructors 2018\"}]},{\"@type\":\"WebSite\",\"@id\":\"http:\/\/hema-swiss-blades.ch\/en\/#website\",\"url\":\"http:\/\/hema-swiss-blades.ch\/en\/\",\"name\":\"Swiss Blades\",\"description\":\"International HEMA event in Switzerland -11-13 September, 2026\",\"potentialAction\":[{\"@type\":\"SearchAction\",\"target\":{\"@type\":\"EntryPoint\",\"urlTemplate\":\"http:\/\/hema-swiss-blades.ch\/en\/?s={search_term_string}\"},\"query-input\":{\"@type\":\"PropertyValueSpecification\",\"valueRequired\":true,\"valueName\":\"search_term_string\"}}],\"inLanguage\":\"en-US\"}]}<\/script>\n<!-- \/ Yoast SEO plugin. -->","yoast_head_json":{"title":"Instructors 2018 - Swiss Blades","robots":{"index":"index","follow":"follow","max-snippet":"max-snippet:-1","max-image-preview":"max-image-preview:large","max-video-preview":"max-video-preview:-1"},"canonical":"http:\/\/hema-swiss-blades.ch\/en\/instructors-2018\/","og_locale":"en_US","og_type":"article","og_title":"Instructors 2018 - Swiss Blades","og_description":"Marine Beaumel (FIN) I have always been practicing all kind of sports and different martial arts (savate, thai boxing, judo,\u2026). I discovered HEMA in 2008 and joined the group in Toulouse (France) in 2010, where I&#8217;ve trained sword and buckler Read More ...","og_url":"http:\/\/hema-swiss-blades.ch\/en\/instructors-2018\/","og_site_name":"Swiss Blades","article_modified_time":"2024-09-19T12:38:17+00:00","og_image":[{"width":2464,"height":900,"url":"https:\/\/i0.wp.com\/hema-swiss-blades.ch\/en\/wp-content\/uploads\/2017\/02\/instructor.jpg?fit=2464%2C900","type":"image\/jpeg"}],"twitter_card":"summary_large_image","twitter_misc":{"Est. reading time":"9 minutes"},"schema":{"@context":"https:\/\/schema.org","@graph":[{"@type":"WebPage","@id":"http:\/\/hema-swiss-blades.ch\/en\/instructors-2018\/","url":"http:\/\/hema-swiss-blades.ch\/en\/instructors-2018\/","name":"Instructors 2018 - Swiss Blades","isPartOf":{"@id":"http:\/\/hema-swiss-blades.ch\/en\/#website"},"primaryImageOfPage":{"@id":"http:\/\/hema-swiss-blades.ch\/en\/instructors-2018\/#primaryimage"},"image":{"@id":"http:\/\/hema-swiss-blades.ch\/en\/instructors-2018\/#primaryimage"},"thumbnailUrl":"https:\/\/i0.wp.com\/hema-swiss-blades.ch\/en\/wp-content\/uploads\/2017\/02\/instructor.jpg?fit=2464%2C900","datePublished":"2018-01-23T14:45:49+00:00","dateModified":"2024-09-19T12:38:17+00:00","breadcrumb":{"@id":"http:\/\/hema-swiss-blades.ch\/en\/instructors-2018\/#breadcrumb"},"inLanguage":"en-US","potentialAction":[{"@type":"ReadAction","target":["http:\/\/hema-swiss-blades.ch\/en\/instructors-2018\/"]}]},{"@type":"ImageObject","inLanguage":"en-US","@id":"http:\/\/hema-swiss-blades.ch\/en\/instructors-2018\/#primaryimage","url":"https:\/\/i0.wp.com\/hema-swiss-blades.ch\/en\/wp-content\/uploads\/2017\/02\/instructor.jpg?fit=2464%2C900","contentUrl":"https:\/\/i0.wp.com\/hema-swiss-blades.ch\/en\/wp-content\/uploads\/2017\/02\/instructor.jpg?fit=2464%2C900","width":2464,"height":900},{"@type":"BreadcrumbList","@id":"http:\/\/hema-swiss-blades.ch\/en\/instructors-2018\/#breadcrumb","itemListElement":[{"@type":"ListItem","position":1,"name":"Home","item":"http:\/\/hema-swiss-blades.ch\/en\/"},{"@type":"ListItem","position":2,"name":"Instructors 2018"}]},{"@type":"WebSite","@id":"http:\/\/hema-swiss-blades.ch\/en\/#website","url":"http:\/\/hema-swiss-blades.ch\/en\/","name":"Swiss Blades","description":"International HEMA event in Switzerland -11-13 September, 2026","potentialAction":[{"@type":"SearchAction","target":{"@type":"EntryPoint","urlTemplate":"http:\/\/hema-swiss-blades.ch\/en\/?s={search_term_string}"},"query-input":{"@type":"PropertyValueSpecification","valueRequired":true,"valueName":"search_term_string"}}],"inLanguage":"en-US"}]}},"jetpack_sharing_enabled":true,"jetpack_shortlink":"https:\/\/wp.me\/P8nClW-l4","jetpack-related-posts":[],"_links":{"self":[{"href":"http:\/\/hema-swiss-blades.ch\/en\/wp-json\/wp\/v2\/pages\/1306","targetHints":{"allow":["GET"]}}],"collection":[{"href":"http:\/\/hema-swiss-blades.ch\/en\/wp-json\/wp\/v2\/pages"}],"about":[{"href":"http:\/\/hema-swiss-blades.ch\/en\/wp-json\/wp\/v2\/types\/page"}],"author":[{"embeddable":true,"href":"http:\/\/hema-swiss-blades.ch\/en\/wp-json\/wp\/v2\/users\/3"}],"replies":[{"embeddable":true,"href":"http:\/\/hema-swiss-blades.ch\/en\/wp-json\/wp\/v2\/comments?post=1306"}],"version-history":[{"count":29,"href":"http:\/\/hema-swiss-blades.ch\/en\/wp-json\/wp\/v2\/pages\/1306\/revisions"}],"predecessor-version":[{"id":1786,"href":"http:\/\/hema-swiss-blades.ch\/en\/wp-json\/wp\/v2\/pages\/1306\/revisions\/1786"}],"wp:featuredmedia":[{"embeddable":true,"href":"http:\/\/hema-swiss-blades.ch\/en\/wp-json\/wp\/v2\/media\/94"}],"wp:attachment":[{"href":"http:\/\/hema-swiss-blades.ch\/en\/wp-json\/wp\/v2\/media?parent=1306"}],"curies":[{"name":"wp","href":"https:\/\/api.w.org\/{rel}","templated":true}]}}